{"id":82,"date":"2013-05-16T18:32:20","date_gmt":"2013-05-16T16:32:20","guid":{"rendered":"http:\/\/www.fu-frechen.de\/?page_id=82"},"modified":"2025-12-16T17:36:24","modified_gmt":"2025-12-16T16:36:24","slug":"82-2","status":"publish","type":"page","link":"https:\/\/www.fu-frechen.de\/","title":{"rendered":"Home \/ Start"},"content":{"rendered":"<p style=\"text-align: center;\"><a href=\"https:\/\/www.fu-frechen.de\/wp-content\/uploads\/2017\/03\/1bd.png\"><img decoding=\"async\" loading=\"lazy\" class=\" wp-image-3580 aligncenter\" src=\"https:\/\/www.fu-frechen.de\/wp-content\/uploads\/2017\/03\/1bd-300x294.png\" alt=\"\" width=\"570\" height=\"559\" srcset=\"https:\/\/www.fu-frechen.de\/wp-content\/uploads\/2017\/03\/1bd-300x294.png 300w, https:\/\/www.fu-frechen.de\/wp-content\/uploads\/2017\/03\/1bd-768x754.png 768w, https:\/\/www.fu-frechen.de\/wp-content\/uploads\/2017\/03\/1bd-1024x1005.png 1024w, https:\/\/www.fu-frechen.de\/wp-content\/uploads\/2017\/03\/1bd-624x612.png 624w\" sizes=\"(max-width: 570px) 100vw, 570px\" \/><\/a><\/p>\n<h4 style=\"text-align: center;\">HOMEPAGE<strong><br \/>\n<\/strong><\/h4>\n<h1 style=\"text-align: center;\"><span style=\"color: #333399;\"><strong>FREIE UNIVERSIT\u00c4T FRECHEN<\/strong><\/span><\/h1>\n<h4 style=\"text-align: center;\"><span style=\"color: #ff9900;\"><em>~~~ Club ~~~<\/em><\/span><span style=\"color: #ffffff;\">.<\/span><\/h4>\n<pre><span style=\"color: #ff9900;\">\u00a0\u00a0\u00a0\u00a0\u00a0\u00a0\u00a0\u00a0\u00a0\u00a0\u00a0\u00a0\u00a0\u00a0\u00a0\u00a0\u00a0\u00a0\u00a0\u00a0\u00a0\u00a0\u00a0\u00a0\u00a0\u00a0\u00a0\u00a0\u00a0\u00a0\u00a0\u00a0\u00a0\u00a0\u00a0\u00a0\u00a0\u00a0\u00a0\u00a0\u00a0\u00a0\u00a0\u00a0\u00a0\u00a0\u00a0\u00a0\u00a0\u00a0\u00a0\u00a0\u00a0\u00a0\u00a0\u00a0\u00a0\u00a0\u00a0\u00a0\u00a0\u00a0 \u00a0 \n<\/span><\/pre>\n<h2 style=\"text-align: center;\"><span style=\"color: #ff9900;\"><span style=\"color: #339966;\">Alle seien gegr\u00fc\u00dft, die gegr\u00fc\u00dft werden m\u00f6chten,<\/span><\/span><\/h2>\n<h2 style=\"text-align: center;\"><span style=\"color: #008000;\"> und herzlich willkommen diejenigen, die <\/span><\/h2>\n<h2 style=\"text-align: center;\"><span style=\"color: #008000;\">den <span style=\"color: #3366ff;\">eigenen Kopf zum Denken<\/span> und <\/span><\/h2>\n<h2 style=\"text-align: center;\"><span style=\"color: #008000;\">die <span style=\"color: #ff0000;\">eigenen Sinne zur Wahrnehmung<\/span><\/span><\/h2>\n<h2 style=\"text-align: center;\"><span style=\"color: #008000;\"> nutzen wollen!<\/span><em><br \/>\n<\/em><\/h2>\n<h2 style=\"text-align: center;\"><span style=\"color: #ff6600;\">*<\/span><\/h2>\n<p style=\"text-align: center;\"><span style=\"color: #ffffff;\">.<\/span><\/p>\n<p style=\"text-align: justify;\"><strong>W<\/strong>er nun schon betroffen aufjault und fragt: &#8222;Was?? Ich soll meinen Kopf zum Denken benutzen?!&#8220; der macht am besten gleich die Fliege und erholt sich von dieser Zumutung auf irgendeiner Bl\u00f6del- oder Verschw\u00f6rungsseite \u2014 und tsch\u00fcss! F\u00fcr alle anderen lohnt sich wahrscheinlich die Lekt\u00fcre einiger S\u00e4tze oder gar ganzer Texte in dieser Website &#8212; und das kostenlos und werbefrei! Dann fahren wir mal fort:<\/p>\n<h1 style=\"text-align: center;\"><strong>Hinweise <\/strong><\/h1>\n<h2 style=\"text-align: center;\"><strong>f\u00fcr BesucherInnen dieser Website<\/strong><\/h2>\n<h2 style=\"text-align: center;\"><strong> und ihrer Unterseiten (siehe Leiste oben)<\/strong><\/h2>\n<p style=\"text-align: justify;\"><strong>D<\/strong>as lateinische Motto &#8222;Sol lucet omnibus&#8220; der F.U.F. bedeutet: &#8222;Die Sonne scheint allen.&#8220; Das ist besonders in einem \u00fcbertragenen, politischen Sinne zu verstehen, n\u00e4mlich bezogen auf das &#8222;Licht der Aufkl\u00e4rung&#8220;, oder genauer: den Zugang zu Information und Bildung, der keinem interessierten Menschen verweigert oder erschwert werden sollte.<\/p>\n<p style=\"text-align: justify;\">Hier auf fu-frechen.de wird der Zugang weder durch sprachliches oder gedanklich hochfliegendes Geschwurbel erschwert, noch wird hier Desinformation betrieben (wie es, so h\u00f6rt man, in vielen Wortmeldungen im Internet geschieht). Und, seien Sie gewarnt: Hier wird nicht zum Selbstzweck irgendetwas gesabbelt und hingeschrieben, denn es gibt schon mehr als genug Seiten im Internet mit Quatsch oder Unfug, den zu lesen vergeudete Zeit ist. Hier wird auch <em>nicht<\/em> nach m\u00f6glichst vielen Klicks und Likes gejagt.<\/p>\n<p style=\"text-align: justify;\">Denn diese Website w\u00fcnscht sich BesucherInnen, die sich die <strong>Zeit und Ruhe<\/strong> g\u00f6nnen, Texte und dazugeh\u00f6rige Abbildungen nicht husch-husch zu \u00fcberfliegen, sondern genauer hinzuschauen und auch mitzudenken. Das ist das Gegenteil des hektisch geschluckten Coffee-to-go und heruntergew\u00fcrgten Pizza-St\u00fccks auf der Hand, w\u00e4hrend man in l\u00e4rmendem Berufsverkehr und Abgaswolken eine Hauptverkehrsstra\u00dfe zu \u00fcberqueren versucht. Solche Ess(un)kultur ist dem SR ein Greuel**, und das gilt entsprechend auch f\u00fcr andere Kulturgen\u00fcsse. Darum w\u00fcnscht er denjenigen BesucherInnen, die mit wachem Verstand und offenem, entschleunigtem Blick auf diese Website kommen, viel Vergn\u00fcgen.<\/p>\n<h2 style=\"text-align: center;\"><span style=\"color: #ff6600;\">*<\/span><\/h2>\n<h2 style=\"text-align: center;\"><span style=\"color: #ff6600;\"><em>&#8222;Seid Menschen!&#8220;<\/em><\/span><\/h2>\n<h2 style=\"text-align: center;\"><span style=\"color: #008000;\">*<\/span><\/h2>\n<h3 style=\"text-align: center;\">N\u00e4heres zu den Inhalten:<\/h3>\n<p style=\"text-align: justify;\"><span style=\"color: #ff6600;\">&#x2665;<\/span> Einer der Schwerpunkte dieser Website <span style=\"color: #ff0000;\"><em>fu-frechen.de<\/em><\/span> ist nat\u00fcrlich die Darstellung der <span style=\"color: #3366ff;\"><strong>Freien Universit\u00e4t Frechen<\/strong><\/span> und ihrer inhaltlichen Anliegen. Dazu findet frau\/man viel Information auf den Unterseiten <em>&gt;<strong>F.U.F. \u2013 der Club<\/strong>, &gt;<strong>F.U.F.-Bibliothek<\/strong>, <\/em>und<em> &gt;<strong>Impresssum<\/strong><\/em>. \u2014<\/p>\n<p style=\"text-align: center;\"><strong>~~~~~~<\/strong><\/p>\n<h3>&#x2660; <strong>BLOG<\/strong>\u00a0 Der <span style=\"text-decoration: underline;\"><span style=\"color: #ff6600; text-decoration: underline;\"><strong><em>Blog<\/em><\/strong><\/span><\/span> dient hier nicht der sofortigen, kurzatmigen Kommentierung von Tagesaktualit\u00e4ten. Darum wird auch nicht jedes Ereignis und jeder Pups eines bekannten Menschen kommentiert. Es geht mehr um Vorf\u00e4lle und Vorg\u00e4nge, die \u00fcber den Tag hinaus Bedeutung haben und daher<a href=\"https:\/\/www.fu-frechen.de\/wp-content\/uploads\/2015\/09\/6fa-d.jpg\"><img decoding=\"async\" loading=\"lazy\" class=\"wp-image-2414 alignright\" src=\"https:\/\/www.fu-frechen.de\/wp-content\/uploads\/2015\/09\/6fa-d-278x300.jpg\" alt=\"\" width=\"222\" height=\"240\" srcset=\"https:\/\/www.fu-frechen.de\/wp-content\/uploads\/2015\/09\/6fa-d-278x300.jpg 278w, https:\/\/www.fu-frechen.de\/wp-content\/uploads\/2015\/09\/6fa-d-624x672.jpg 624w, https:\/\/www.fu-frechen.de\/wp-content\/uploads\/2015\/09\/6fa-d.jpg 825w\" sizes=\"(max-width: 222px) 100vw, 222px\" \/><\/a> auch eher<span style=\"color: #ff6600;\"><em> in langfristiger Perspektive<\/em> gesehen und eingeordnet<\/span> werden. In der Spalte &#8222;Kategorien&#8220; kann nach bestimmten Themenbereichen gesucht werden. <span style=\"color: #ffffff;\">.<\/span><\/h3>\n<p style=\"text-align: justify;\">Am Rande bemerkt: Im R\u00fcckblick auf inzwischen \u00fcber zw\u00f6lf Jahre <span style=\"text-decoration: underline;\">fu-frechen.de<\/span> muss der SR feststellen: Die Kommentare zum Zeitgeschehen wie andere Beitr\u00e4ge im Blog sind immer noch sachlich zutreffend, begr\u00fcndet und daher vertretbar. Sie haben in vielen F\u00e4llen auch nichts an Aktualit\u00e4t eingeb\u00fc\u00dft. Das ist bei manchen Themen bedauerlich, weil man dort keinen Fortschritt zum Besseren erkennt.\u00a0 Aus Platzgr\u00fcnden wurden von Zeit zu Zeit ein paar Beitr\u00e4ge aus dem Blog genommen, die nach etlichen Jahren nicht mehr aktuell und h\u00f6chstens noch von historischem Interesse waren.<\/p>\n<p style=\"text-align: justify;\">Andere Beitr\u00e4ge wurden mit einem Nachtrag bzw. <em>Update<\/em> (mit Datum) aktualisiert. Dies geschieht h\u00e4ufiger, um Doppelungen zu vermeiden: Es kann sein, dass ein vor Wochen geschriebener Beitrag einen aktuellen Nachtrag erh\u00e4lt, weil sich zu diesem Thema Neues ereignet hat. An den Daten ist zu sehen, wann was im Blog erschienen ist. \u2014<\/p>\n<p style=\"text-align: justify;\"><strong><em>F\u00dcR SCHNELLMERKER<\/em> <\/strong>eine Empfehlung: Machen Sie sich ein Bild, indem Sie die Beitr\u00e4ge &#8222;Grunds\u00e4tzlich&#8220; vom 16.\/17.08.2022, &#8222;Welt &#8212; quo vadis?&#8220; vom 13.08.\/26.09.2022, und &#8222;Ein Hoch auf Tony Rinaudo&#8220; vom 06.04.2022. anschauen und mitdenkend lesen. Dazu (leider weiterhin brandaktuell) &#8222;Dies ist ein freies Land&#8220; vom 28.05.2023, und &#8222;Leiden am Homo Sapiens&#8220; vom 05.10.2024, sowie aktuell &#8222;Deutlich genug&#8220; vom 04.07.2025. Damit sind Sie schon gut orientiert. Noch mehr Durchblick kann Ihnen die Lekt\u00fcre dieser Startseite bringen: dann vor allem im letzten Teil bis zum Schluss aufmerksam lesen.<\/p>\n<p style=\"text-align: center;\"><strong>~~~~~~<\/strong><\/p>\n<p style=\"text-align: justify;\">&#x2666; <strong>FREKENA<\/strong>\u00a0 Ein weiterer Schwerpunkt ist der Geschichte der Ortschaft Frechen, heute Stadt, gewidmet, nachdem W. R. im Sommer 2018 seine\u00a0<em>Frechener Geschichte<\/em> (kompakt auf 52 Seiten) ver\u00f6ffentlicht hat. Auf dieser Website sind mehrere Beitr\u00e4ge zur Frechener Geschichte auf der <a href=\"https:\/\/www.fu-frechen.de\/wp-content\/uploads\/2019\/07\/1c-ma-BuchB.png\"><img decoding=\"async\" loading=\"lazy\" class=\"alignleft  wp-image-5400\" src=\"https:\/\/www.fu-frechen.de\/wp-content\/uploads\/2019\/07\/1c-ma-BuchB-300x250.png\" alt=\"\" width=\"218\" height=\"182\" srcset=\"https:\/\/www.fu-frechen.de\/wp-content\/uploads\/2019\/07\/1c-ma-BuchB-300x250.png 300w, https:\/\/www.fu-frechen.de\/wp-content\/uploads\/2019\/07\/1c-ma-BuchB-768x640.png 768w, https:\/\/www.fu-frechen.de\/wp-content\/uploads\/2019\/07\/1c-ma-BuchB-1024x854.png 1024w, https:\/\/www.fu-frechen.de\/wp-content\/uploads\/2019\/07\/1c-ma-BuchB-624x520.png 624w, https:\/\/www.fu-frechen.de\/wp-content\/uploads\/2019\/07\/1c-ma-BuchB.png 1450w\" sizes=\"(max-width: 218px) 100vw, 218px\" \/><\/a>Unterseite <span style=\"color: #ff6600;\"><strong><em><span style=\"text-decoration: underline;\">Frekena<\/span><\/em><\/strong><\/span> zu finden, darunter die zweiteilige Darstellung &#8222;Wie Frechen entstand.&#8220; Au\u00dferdem wird das Buch <em>Die Beatus-Chronik<\/em><span style=\"color: #000000;\"> vorgestellt.<\/span> Dieses inhaltsreiche Werk befasst sich nicht nur mit mittelalterlicher Geschichte, nicht nur mit Details der Frechener Geschichte, nicht nur mit Interessenkonflikten zwischen K\u00f6ln und Frechen, sondern au\u00dferdem grunds\u00e4tzlich mit der Geschichte als Wissenschaft und Wissensgebiet. Grundfragen der Geschichte findet man auch und besonders auf der Unterseite <em>Clio<\/em> thematisiert (s.u.).<\/p>\n<p style=\"text-align: center;\"><strong>~~~~~~<\/strong><\/p>\n<p style=\"text-align: justify;\"><span style=\"color: #ffffff;\">.<\/span><span style=\"color: #0000ff;\"><a href=\"https:\/\/www.fu-frechen.de\/wp-content\/uploads\/2017\/09\/0a-Gesch.png\"><img decoding=\"async\" loading=\"lazy\" class=\"alignleft wp-image-3894\" src=\"https:\/\/www.fu-frechen.de\/wp-content\/uploads\/2017\/09\/0a-Gesch-300x125.png\" alt=\"\" width=\"221\" height=\"92\" srcset=\"https:\/\/www.fu-frechen.de\/wp-content\/uploads\/2017\/09\/0a-Gesch-300x125.png 300w, https:\/\/www.fu-frechen.de\/wp-content\/uploads\/2017\/09\/0a-Gesch.png 404w\" sizes=\"(max-width: 221px) 100vw, 221px\" \/><\/a><span style=\"color: #000000;\"><strong>CLIO<\/strong>\u00a0 <\/span><\/span>Den an Geschichte Interessierten sei die Unterseite <span style=\"text-decoration: underline;\"><strong><em><span style=\"color: #ff0000; text-decoration: underline;\">Clio<\/span><\/em><\/strong><\/span> w\u00e4rmstens empfohlen. Anders als in einigen historischen Beitr\u00e4gen im <em>Blog, <\/em>die jeweils auf ein Thema fokussiert sind, geht der Historiker W. R. in <em>Clio<\/em> die Geschichte grunds\u00e4tzlicher an, mit sowohl Klarstellungen zu Grundlagen und Grundbegriffen als auch Ausfl\u00fcgen in geschichtsphilosophische Bereiche\u00a0\u2014 damit das &#8222;gro\u00dfe Ganze&#8220; nicht aus dem Blick ger\u00e4t; denn die Geschichte ist ein Feld, in dem man sich endlos in Details ergehen und verlieren kann&#8230; bis man den Wald vor lauter B\u00e4umen nicht mehr sieht.<\/p>\n<p style=\"text-align: justify;\"><em>Clio<\/em> wird \u2014 wie andere Unterseiten von <span style=\"text-decoration: underline;\">fu-frechen.de<\/span> auch \u2014 immer wieder erweitert oder erg\u00e4nzt und, wo n\u00f6tig, aktualisiert. So werden in der weitwinkligen Betrachtung von <em>Clio<\/em> auch aktuelle Vorg\u00e4nge und Trends ber\u00fccksichtigt, eingeordnet und bewertet. Ein n<span style=\"color: #000000;\">euerer Beitrag in <em>Clio <\/em>(9.1) fragt nach der Interpretation und g\u00fcltigen Deutung von geschichtlichen Vorg\u00e4ngen (&gt;&#8220;Sansibar, Helgoland und die Deutungshoheit&#8220;), eine wichtige Fragestellung angesichts immer wieder versuchter Instrumentalisierung von Geschichte f\u00fcr politische Zwecke. Russlands Pr\u00e4sident Putin hat das j\u00fcngst vorgef\u00fchrt.<br \/>\n<\/span><\/p>\n<p style=\"text-align: justify;\"><span style=\"color: #008000;\"><em>Nicht nur, weil einige Gr\u00fcndungsmitglieder der F.U.F. damals Geschichte studierten, sondern auch, weil ihr Spiritus Rector gerade in reiferem Alter immer wieder best\u00e4tigt sieht, wieviel das Verst\u00e4ndnis f\u00fcr Geschichte und f\u00fcr historische Prozesse zum Verstehen der Welt beitragen kann, wird Vieles auf dieser Homepage mit den Augen des Historikers betrachtet und kommentiert.<\/em><br \/>\n<\/span><\/p>\n<p style=\"text-align: center;\"><strong>~~~~~~<\/strong><\/p>\n<p style=\"text-align: justify;\"><span style=\"color: #ff0000;\"><span style=\"color: #008000;\"><strong><span style=\"color: #000000;\"><a href=\"https:\/\/www.fu-frechen.de\/wp-content\/uploads\/2021\/06\/h1a.png\"><img decoding=\"async\" loading=\"lazy\" class=\"alignleft size-medium wp-image-7087\" src=\"https:\/\/www.fu-frechen.de\/wp-content\/uploads\/2021\/06\/h1a-220x300.png\" alt=\"\" width=\"220\" height=\"300\" \/><\/a> _ISTORISCHE FORSCHUNG\u00a0<\/span> Geschichtswissenschaft<\/strong><\/span> <span style=\"color: #000000;\">lebt von vielen einzelnen Forschungsbeitr\u00e4gen, aus denen sich ein Bild der Vergangenheit zusammensetzen l\u00e4sst. W\u00e4hrend in <em>Clio<\/em>\u00a0\u2014 z.T. in Essays\u00a0\u2014 das Bild thematisiert wird, geht es in der Unterseite <span style=\"text-decoration: underline;\"><strong><span style=\"color: #ff0000; text-decoration: underline;\"><em>Historische Forschung<\/em><\/span><\/strong><\/span> um einzelne Mosaiksteine, aus denen unser Bild der Vergangenheit entsteht. Diese Unterseite bietet Clubmitgliedern und assoziierten Sympathisanten Gelegenheit, historische Forschungsbeitr\u00e4ge vorzustellen. Dazu sieht sich die Website der Freien Universit\u00e4t Frechen berufen, denn schlie\u00dflich f\u00fchrt sie die &#8222;Universit\u00e4t&#8220; im Namen, dem sie inhaltlich verpflichtet ist. <\/span><\/span><\/p>\n<p style=\"text-align: justify;\"><span style=\"color: #ff0000;\"><span style=\"color: #000000;\">Den Anfang machte eine Publikation von Dr. Martin Happ im Bereich Sportwissenschaft, auf den ersten Blick ein sehr spezielles Segment, jedoch mit Details, die teils exemplarischen Charakter haben. Im Januar 2016 erschien hier sein dritter Beitrag, den der S.R. allen HistorikerInnen besonders empfehlen m\u00f6chte. Doch kann sich jede\/r selbst ein Bild machen auf der Unterseite &gt;<em>Historische Forschung<\/em>.\u00a0 Im Sinne des Brecht-Spruchs &#8222;Die Wahrheit ist konkret&#8220; ist auch der Beitrag von Dr. Jochen Menge zu lesen, der den Lebensweg eines j\u00fcdischen Arztes aus Frechen nachzeichnet. \u2014<\/span><\/span><\/p>\n<p style=\"text-align: center;\"><strong>~~~~~~<\/strong><\/p>\n<p><strong><a href=\"https:\/\/www.fu-frechen.de\/wp-content\/uploads\/2020\/07\/4ca.jpg\"><img decoding=\"async\" loading=\"lazy\" class=\"alignleft  wp-image-6600\" src=\"https:\/\/www.fu-frechen.de\/wp-content\/uploads\/2020\/07\/4ca-300x205.jpg\" alt=\"\" width=\"273\" height=\"187\" srcset=\"https:\/\/www.fu-frechen.de\/wp-content\/uploads\/2020\/07\/4ca-300x205.jpg 300w, https:\/\/www.fu-frechen.de\/wp-content\/uploads\/2020\/07\/4ca-1024x699.jpg 1024w, https:\/\/www.fu-frechen.de\/wp-content\/uploads\/2020\/07\/4ca-768x524.jpg 768w, https:\/\/www.fu-frechen.de\/wp-content\/uploads\/2020\/07\/4ca-624x426.jpg 624w, https:\/\/www.fu-frechen.de\/wp-content\/uploads\/2020\/07\/4ca.jpg 1113w\" sizes=\"(max-width: 273px) 100vw, 273px\" \/><\/a>H\u00d6HERES\u00a0<\/strong> Viele Menschen beklagen einen Werteverlust in unserer Gesellschaft, w\u00e4hrend die Bindekraft der Kirchen schwindet, aber das Bed\u00fcrfnis nach moralischer Orientierung durchaus sp\u00fcrbar ist. Darum wird hier auch Themen der Religion Raum gegeben, n\u00e4mlich auf der Unterseite <span style=\"text-decoration: underline;\"><span style=\"color: #ff0000; text-decoration: underline;\"><strong><em>H\u00f6heres<\/em><\/strong><\/span><\/span>, jedoch nicht abgehoben in h\u00f6here Sph\u00e4ren, sondern im Diesseits geerdet und vor dem Hintergrund unserer Zeit betrachtet. \u2014<\/p>\n<p style=\"text-align: center;\"><strong>~~~~~~<\/strong><\/p>\n<p><span style=\"color: #ff0000;\"><strong><span style=\"color: #000000;\">THIS WOODEN O <\/span><\/strong><\/span>\u00a0 ist eine Unterseite nicht nur f\u00fcr Shakespeare-Fans <a href=\"https:\/\/www.fu-frechen.de\/wp-content\/uploads\/2014\/03\/28.jpg\"><img decoding=\"async\" loading=\"lazy\" class=\"alignright  wp-image-1492\" src=\"https:\/\/www.fu-frechen.de\/wp-content\/uploads\/2014\/03\/28-300x291.jpg\" alt=\"\" width=\"204\" height=\"197\" srcset=\"https:\/\/www.fu-frechen.de\/wp-content\/uploads\/2014\/03\/28-300x291.jpg 300w, https:\/\/www.fu-frechen.de\/wp-content\/uploads\/2014\/03\/28-1024x996.jpg 1024w, https:\/\/www.fu-frechen.de\/wp-content\/uploads\/2014\/03\/28-624x607.jpg 624w\" sizes=\"(max-width: 204px) 100vw, 204px\" \/><\/a>und -Interessierte, sondern auch f\u00fcr Menschen, die als Anglophile besonders sch\u00e4tzen, was als &#8222;very British&#8220; gilt, und die sich das durch den &#8222;Brexit&#8220; nicht vermiesen lassen wollen.<\/p>\n<p style=\"text-align: justify;\"><span style=\"text-decoration: underline;\"><span style=\"color: #ff0000; text-decoration: underline;\"><strong><em>&#8222;This wooden O&#8220;<\/em><\/strong><\/span><\/span> pr\u00e4sentiert auch eine Abhandlung (&#8222;Studien zum politischen Bewusstsein&#8230;&#8220;) von W. R. \u00fcber die Rolle, die Geschichte und Politik in den K\u00f6pfen der Menschen zur Zeit Shakespeares spielten, und was das f\u00fcr Shakespeares Schaffen bedeutete. Dieser Text ist hier eingestellt, weil er in historisch-politischer Perspektive auch heutigen LeserInnen Denkimpulse und Erkenntnisse liefern kann. \u2014<\/p>\n<p style=\"text-align: center;\"><strong>~~~~~~<\/strong><\/p>\n<p style=\"text-align: justify;\"><span style=\"color: #ffffff;\">.<\/span><a href=\"https:\/\/www.fu-frechen.de\/wp-content\/uploads\/2013\/09\/46.jpg\"><img decoding=\"async\" loading=\"lazy\" class=\" wp-image-867 alignleft\" src=\"https:\/\/www.fu-frechen.de\/wp-content\/uploads\/2013\/09\/46-300x257.jpg\" alt=\"46\" width=\"145\" height=\"124\" srcset=\"https:\/\/www.fu-frechen.de\/wp-content\/uploads\/2013\/09\/46-300x257.jpg 300w, https:\/\/www.fu-frechen.de\/wp-content\/uploads\/2013\/09\/46.jpg 566w\" sizes=\"(max-width: 145px) 100vw, 145px\" \/><\/a><strong><span style=\"color: #000000;\">ARTS IN FRECHENTOWN\u00a0<\/span><\/strong> BesucherInnen mit Sinn f\u00fcr Kunst und Kreativit\u00e4t (und offenen Augen) schauen sich sicher auch auf der Unterseite <span style=\"text-decoration: underline;\"><span style=\"color: #ff6600; text-decoration: underline;\"><strong><em>Arts in Frechentown<\/em><\/strong> <\/span><\/span>um. Hier geht es nicht nur um Kunst, die in Austellungen, Galerien und Museen gezeigt wird; f\u00fcr&#8217;s \u00c4sthetische sensibilisierte Blicke fallen auch auf Kunst und Kunsthandwerk im \u00f6ffentlichen Raum und deren Wirkung im st\u00e4dtischen Umfeld. Dabei wird auf Beispiele in Frechen Bezug genommen, und dabei wird hoffentlich manch ein(e) Besucher(in) dazu angeregt, genauer hinzuschauen\u00a0\u2014 auch wenn auf den ersten Blick <em>scheinbar<\/em> nichts Herausragendes zu sehen ist. \u2014<\/p>\n<p style=\"text-align: center;\"><strong>~~~~~~<\/strong><\/p>\n<p style=\"text-align: justify;\"><em><strong>&#x2663; <\/strong><\/em><strong>F<\/strong>alls jemand auf dieser Website eine<em> <strong><span style=\"color: #ff00ff;\">Kommentar<\/span><\/strong>-Funktion <\/em>vermisst: Der Betreiber h\u00e4lt diese f\u00fcr wenig sinnvoll; er selbst hinterl\u00e4sst nirgendwo im Web (au\u00dferhalb von <span style=\"text-decoration: underline;\">fu-frechen.de<\/span>) Kommentare, und er sabbelt auch nicht in sozialen Netzwerken herum. Warum? Weil er bei Kommentaren im Netz, wenn er sie \u00fcberhaupt mal zur Kenntnis nimmt, Kluges mit Stuss vermischt findet, darunter viel Unausgegorenes und mal eben Hingerotztes, oft auch unter dem Schutz des Pseudonyms Unsachliches und Unfl\u00e4tiges, Geh\u00e4ssiges oder Beleidigendes. F\u00fcr derartiges, \u00fcberfl\u00fcssiges Ges\u00fclze will der SR weder Raum zur Verf\u00fcgung stellen noch eigene Bearbeitungszeit aufwenden.<\/p>\n<p style=\"text-align: justify;\">Der S.R. selbst schreibt gelegentlich mal einen Leserbrief an eine Zeitung \u2014 mit Klarnamen und somit r\u00fcckzuverfolgen und verantwortlich. Aber die im Internet anzutreffende Kommentiererei unter Deck- bzw. Juxnamen ist eher der Tummelplatz f\u00fcr Leute, die zu allem ihren Senf dazugeben, aber nicht dazu stehen wollen. Dementsprechend m\u00e4\u00dfig ist oft auch die Qualit\u00e4t dessen, was in sozialen Netzwerken und in Kommentar-Anh\u00e4ngen gepostet und abgesondert wird: oft schon von der Sprache her schludrig, oft leider auch in der Logik. Damit soll sich befassen, wer m\u00f6chte. Der SR h\u00e4lt sich da komplett heraus. Ja: komplett! *<\/p>\n<p style=\"text-align: justify;\">In diesem Sinne sind auch die Beitr\u00e4ge im <span style=\"text-decoration: underline; color: #ff6600;\"><strong><em>Blog<\/em><\/strong><\/span> dieser Website<a href=\"https:\/\/www.fu-frechen.de\/wp-content\/uploads\/2013\/12\/5-Der-Gr\u00fcnder-der-FUF-Selbstportr.-als-antiker-Philosoph-1969.jpg\"><img decoding=\"async\" loading=\"lazy\" class=\"alignright wp-image-1185 \" src=\"https:\/\/www.fu-frechen.de\/wp-content\/uploads\/2013\/12\/5-Der-Gr\u00fcnder-der-FUF-Selbstportr.-als-antiker-Philosoph-1969-298x300.jpg\" alt=\"5-Der Gr\u00fcnder der FUF, Selbstportr. als antiker Philosoph - 1969\" width=\"93\" height=\"93\" srcset=\"https:\/\/www.fu-frechen.de\/wp-content\/uploads\/2013\/12\/5-Der-Gr\u00fcnder-der-FUF-Selbstportr.-als-antiker-Philosoph-1969-298x300.jpg 298w, https:\/\/www.fu-frechen.de\/wp-content\/uploads\/2013\/12\/5-Der-Gr\u00fcnder-der-FUF-Selbstportr.-als-antiker-Philosoph-1969-150x150.jpg 150w, https:\/\/www.fu-frechen.de\/wp-content\/uploads\/2013\/12\/5-Der-Gr\u00fcnder-der-FUF-Selbstportr.-als-antiker-Philosoph-1969-1019x1024.jpg 1019w, https:\/\/www.fu-frechen.de\/wp-content\/uploads\/2013\/12\/5-Der-Gr\u00fcnder-der-FUF-Selbstportr.-als-antiker-Philosoph-1969-624x626.jpg 624w, https:\/\/www.fu-frechen.de\/wp-content\/uploads\/2013\/12\/5-Der-Gr\u00fcnder-der-FUF-Selbstportr.-als-antiker-Philosoph-1969.jpg 1263w\" sizes=\"(max-width: 93px) 100vw, 93px\" \/><\/a> keineswegs<em> mal eben hingerotzt<\/em>, und sie sind auch nicht schon morgen \u00fcberholt. Vielmehr greifen sie meist (genau besehen: eigentlich immer) \u00fcber die tagespolitische Aktualit\u00e4t hinaus (wie oben schon erl\u00e4utert) und bleiben daher weit \u00fcber den Tag hinaus g\u00fcltig. So kann, ja wird es durchaus lohnen, im <em>Blog<\/em> zu st\u00f6bern: Unter \u00e4lteren Eintr\u00e4gen werden Sie Interessantes, immer noch Lesenswertes, und weiterhin Hochaktuelles finden.<\/p>\n<p style=\"text-align: justify;\">So wirken der <em>Blog<\/em> und andere Seiten von <span style=\"text-decoration: underline; color: #000000;\">fu-frechen.de<\/span> &#8222;in dieser schnelllebigen Zeit&#8220; dem Ex-und-Hopp-Konsum geistiger G\u00fcter entgegen, oder anders gesagt: Hier wird nicht st\u00e4ndig eine neue Sau durch&#8217;s Dorf getrieben (wie im heutigen Mediengesch\u00e4ft \u00fcblich), sondern gern mal <em>entschleunigt<\/em>\u00a0\u2014 und siehe da, am Ende des gedanklichen Regenbogens steht wom\u00f6glich ein goldener Topf voll geistigen Gewinns, weil frau\/man sich eine Wohltat geg\u00f6nnt hat: etwas mehr Zeit zum Denken.<\/p>\n<h2 style=\"text-align: center;\"><span style=\"color: #99cc00;\"><span style=\"color: #ff6600;\">~~~~~~~~~<\/span><\/span><\/h2>\n<h2><span style=\"color: #ffffff;\">.<\/span><\/h2>\n<h2 style=\"text-align: justify;\"><strong>\u25ca Haftungsausschluss \/ Disclaimer:<\/strong><\/h2>\n<p style=\"text-align: justify;\">F\u00fcr Richtigkeit, Aktualit\u00e4t und Vollst\u00e4ndigkeit der auf dieser Website gebotenen Informationen wird keine Gew\u00e4hr \u00fcbernommen.<br \/>\nWir distanzieren uns ausdr\u00fccklich von Form und Inhalt aller Seiten, zu denen die Links (Hyperlinks) dieser Website f\u00fchren. Es wird festgehalten, dass zum Zeitpunkt der Linksetzung keine illegalen Inhalte auf diesen Internetseiten erkennbar waren. Diese Distanzierung gilt daher ausdr\u00fccklich auch f\u00fcr die nach der Linksetzung ver\u00e4nderten Inhalte aller verlinkten Internetseiten.<\/p>\n<h2 style=\"text-align: justify;\"><strong>\u00a9\u00a0Copyright-Hinweis: <\/strong><\/h2>\n<p style=\"text-align: justify;\">Die Urheberrechte f\u00fcr alle <strong><em>Abbildungen<\/em><\/strong> (Fotos, Zeichnungen, Grafiken), die hier auf <span style=\"text-decoration: underline;\">www.fu-frechen.de<\/span> gezeigt werden, verbleiben beim Urheber W. R., wenn nicht anders vermerkt. Dies gilt ebenso f\u00fcr die <strong><em>Texte<\/em><\/strong>. Eine unerlaubte \u2014 elektronische wie gedruckte \u2014 anderweitige Verwendung und Publikation ist nicht gestattet (Weiteres dazu &gt;<em>Impressum<\/em>). Wir erlauben auch nicht die Verwendung zum Training f\u00fcr KI-Zwecke. <em><strong>This website doesn&#8217;t allow any use for AI-training.<\/strong><\/em><\/p>\n<p style=\"text-align: justify;\">Ausnahmsweise werden manchmal auch Grafiken oder Bilder eingesetzt, die frei verf\u00fcgbar sind bzw. deren Copyright abgelaufen ist, wie die Vignette ganz unten am Ende dieser Seite. Ansonsten ist es der SR gewohnt, prinzipiell eigenen Fotos, Zeichnungen und Grafiken den Vorzug zu geben (z.B. der hier folgenden, an mittelalterliche Dr\u00f4lerien angelehnten Zeichnung). \u00dcbrigens: Etliche der auf dieser Website gezeigten Abbildungen gewinnen durch Anklicken an Gr\u00f6\u00dfe und Sch\u00e4rfe, in manchen F\u00e4llen wird explizit darauf hingewiesen.<\/p>\n<p><a href=\"https:\/\/www.fu-frechen.de\/wp-content\/uploads\/2013\/05\/013d+1.jpg\"><img decoding=\"async\" loading=\"lazy\" class=\"aligncenter\" src=\"https:\/\/www.fu-frechen.de\/wp-content\/uploads\/2013\/05\/013d+1-300x103.jpg\" alt=\"013d+\" width=\"362\" height=\"124\" \/><\/a><\/p>\n<p style=\"text-align: justify;\">______________________________________<\/p>\n<p style=\"text-align: justify;\">* Auf &#8222;Spiegel-Online&#8220;, unter eine Kolumne vom 03.09.2016 \u00fcber den Umgang mit Beleidigungs-, Hass- und Hetz-Kommentaren, schrieb jemand:<\/p>\n<blockquote>\n<div class=\"article-comment-user\"><a href=\"http:\/\/www.spiegel.de\/forum\/member-216214.html\">slideaway<\/a> heute, 14:40 Uhr<\/div>\n<div class=\"js-article-post-full-text\" style=\"text-align: justify;\">Die Kommentarfunktionen unter den Artikeln im Netz haben sich mittlerweile zum Abladeplatz der geballten Dummheit, Ignoranz und Besserwisserei im Internet formiert. Dabei ist es grunds\u00e4tzlich egal, ob man auf Spiegel Online, BL\u00d6D.de oder irgendeinen Verschw\u00f6rungtheoretiker-Blog geht. Eigentlich sollte man diese Orte meiden, wenn man nicht die letzte Hoffnung in die Vernunft der Gesellschaft verlieren will.<\/div>\n<\/blockquote>\n<p style=\"text-align: justify;\">Noch Fragen? Wir wollen gar nicht erst davon reden, dass den Meinungsbeitr\u00e4gen in Netz-Kommentaren eh nicht mehr zu trauen ist: In speziellen Agenturen werden von Angestellten und automatisierten Programmen, &#8222;social bots&#8220;, eine Menge Kommentare und Posts rund um die Uhr ins Netz geschwemmt, die sich als private Einzelmeinungen ausgeben und &#8222;Volkes Meinung&#8220; vort\u00e4uschen, in Wahrheit aber diese beeinflussen wollen. (Das halten Sie f\u00fcr eine Verschw\u00f6rungtheorie? Tr\u00e4umen Sie weiter&#8230;) Daher ist \u2014 besonders beim Auftreten der o.a. &#8222;geballten Dummheit&#8220; \u2014 besondere Vorsicht geboten.<\/p>\n<p style=\"text-align: justify;\">Und: <strong>Aufpassen bei <em><span style=\"color: #ff0000;\">Bewertungen im Netz!<\/span><\/em><\/strong> Ich bin da vorsichtig geworden, nachdem ich eine sehr negative Bewertung eines Restaurants gelesen hatte, das ich kurz zuvor besucht und wo ich mit Genuss gespeist und getrunken hatte. Hatte der Bewerter das Lokal verwechselt? Oder steckte dahinter etwa gesch\u00e4ftssch\u00e4digende Absicht, wom\u00f6glich im Auftrag eines Konkurrenten? Es ist erwiesen, dass es solche Vorg\u00e4nge bei Bewertungen von Hotels und \u00c4rzten schon gegeben hat. Und neulich h\u00f6rte ich von einem Gesch\u00e4ftsinhaber, dass zwei Leute mit Klarnamen sein Gesch\u00e4ft ganz mies bewertet haben \u2014 doch er kennt alle seine Kunden pers\u00f6nlich und versichert: Diese beiden waren noch nie in meinem Gesch\u00e4ft, ich kenne sie \u00fcberhaupt nicht. Mein spontaner Kommentar: Das ist bezahlte Miesmache von der Konkurrenz.<\/p>\n<p style=\"text-align: justify;\">Offensichtlich bedeutet die M\u00f6glichkeit, im Netz anonym aufzutreten, f\u00fcr einige Menschen eine Versuchung, Gemeinheit und Geh\u00e4ssigkeit ins Netz zu tragen und so ihre Aggressivit\u00e4t zum Schaden Anderer auszuleben. Wer&#8217;s n\u00f6tig hat&#8230; F\u00fcr menschliche Qualit\u00e4ten spricht das sicher nicht, eher zeigt es einen Mangel an Selbstkontrolle im Bereich niederer Instinkte, und einen Defekt im Bereich moralischer Orientierung.<\/p>\n<p style=\"text-align: justify;\">Man sollte meinen, das alles h\u00e4tte sich inzwischen herumgesprochen. Und dennoch gibt es wohl immer noch jede Menge Leute, die ganz naiv ins Netz und in die &#8222;sozialen&#8220; Netzwerke gehen und alles glauben, was irgendwelche Trollos da reinposten. Na und, selbst schuld, k\u00f6nnte man sagen, wenn es nicht teils schlimme Folgen h\u00e4tte. Denn das machen sich finstere Gestalten zunutze, die alles Andere, blo\u00df keine zuverl\u00e4ssige Information verbreiten, sei es aus politischen Absichten, sei es zur Abzocke, oder aus blo\u00dfem Schabernack.<\/p>\n<p style=\"text-align: justify;\"><strong>Wie man&#8217;s auch dreht und wendet: Auf eigene Urteilskraft sollte man im analogen Leben wie im Netz nicht verzichten. Und auf eigenes Denken auch nicht. Vor allem Letzteres! Das ist eine der Botschaften, die <span style=\"color: #0000ff;\">fu-frechen.de<\/span> in die Welt senden m\u00f6chte.<\/strong><\/p>\n<p style=\"text-align: justify;\">Das Netz (web) schien einmal (damals, gegen Ende des vorigen Jahrtausends) eine Utopie von Freiheit und Gl\u00fcck zu versprechen, doch ist es l\u00e4ngst sowohl Segen als auch Fluch: Menschen gebrauchen eben alles Neue nach den alten Verhaltensmustern. Glaubt blo\u00df nicht, n<span style=\"color: #0000ff;\"><span style=\"color: #ff0000;\">eue Techniken und neue Medien machten die Welt besser! Das k\u00f6nnte nur passieren, wenn sich die Menschen bessern w\u00fcrden<\/span>. \u2014<\/span><\/p>\n<p>Mehr zu alledem kann man hier lesen: &gt; <a href=\"https:\/\/www.tagesspiegel.de\/wirtschaft\/30-jahre-world-wide-web-das-netz-potenziert-die-moeglichkeiten-von-tyrannen-und-aufklaerern\/24091682.html\">30 Jahre World Wide Web: Das Netz potenziert die M\u00f6glichkeiten von Tyrannen und Aufkl\u00e4rern &#8211; Wirtschaft &#8211; Tagesspiegel<\/a><\/p>\n<p style=\"text-align: justify;\">Im auslaufenden 2. Jahrzehnt des 21. Jahrhunderts kommt manchen nachdenklichen ZeitgenossInnen schon der Gedanke: War die Erfindung des Internet, war seine weltweite Verf\u00fcgbarkeit vielleicht ein Fehler? Wenn man sieht, in welchem Umfang diese Freiheit f\u00fcr negative und kriminelle Dinge genutzt wird&#8230; Und was ist, wenn mal der Strom und ganze Server-Systeme ausfallen, ganz zu schweigen von gezielten Hacker-Angriffen auf die Infrastruktur? Wo bitte wird f\u00fcr diesen Fall ein Plan B, d.h. eine parallel funktionierende Reserve- oder gar eine analoge Ersatzstruktur bereitgehalten?<\/p>\n<p>____________<\/p>\n<p style=\"text-align: justify;\">** Ess-Unkultur breitet sich auch seuchenartig an Computer-Arbeitspl\u00e4tzen aus. Dazu mehr unter diesem Link mit anschaulichen Beispielen (denn, wie Bertold Brecht schrieb: &#8222;Die Wahrheit ist konkret&#8220;) &gt; <a href=\"http:\/\/saddesklunch.com\/\">sad desk lunch<\/a>\u00a0 Wider alle Vernunft nehmen sich viele Menschen keine (Aus-)Zeit mehr f\u00fcr eine bek\u00f6mmliche Mahlzeit. Horror \u2014 man ist, was man isst! <span style=\"color: #008000;\"><strong><em>Was<\/em><\/strong><\/span> man sich da Schlechtes antut, und <strong><span style=\"color: #ff0000;\"><em>wie<\/em><\/span><\/strong> man es hinunterschlingt, Mannomann, soviel kann man gar nicht wegjoggen, um seine Gesundheit ins Lot zu bringen (schon gar nicht mit unvern\u00fcnftiger Selbst\u00fcberforderung). Inzwischen gibt es aber immer mehr Aufkl\u00e4rung f\u00fcr Verbraucher \u00fcber richtige Ern\u00e4hrung und die Tricks der Nahrungsmittelhersteller. Man muss sich nur interessieren und hinh\u00f6ren \u2014 und schon kann es echt was werden mit der &#8222;Korrektur von schweren Ern\u00e4hrungsfehlern.&#8220;<\/p>\n<p style=\"text-align: justify;\">\u00dcbrigens: Sich interessieren und genau hinsehen und lesen \u2014 so kann es auch was werden mit der Korrektur von schweren Denkfehlern. Daf\u00fcr bietet diese website <strong><span style=\"color: #0000ff;\">fu-frechen.de <\/span><\/strong>Gelegenheit.<\/p>\n<p><span style=\"color: #008000;\">Darum folgen hier noch ein paar Hinweise, worauf Sie Ihr Augenmerk besonders lenken sollten &#8212; sofern Sie f\u00fcr sich den Anspruch erheben, dass Sie einen kritischen Verstand<\/span><span style=\"color: #008000;\"> haben (und ihn anwenden):<\/span><\/p>\n<p style=\"text-align: justify;\">Und unter uns gesagt: Auch wenn der Irrglaube um sich greift, spontane Bauch-Entscheidungen l\u00e4gen <em>immer<\/em> richtig, und das k\u00f6nne man auch in politischen Fragen so halten (besonders wenn damit die Welt viel \u00fcberschaubarer und pl\u00f6tzlich verst\u00e4ndlich erscheint, und wenn man obendrein in seiner &#8222;Echokammer&#8220; t\u00e4glich darin best\u00e4rkt wird) \u2014 wir in der <span style=\"color: #0000ff;\">F.U.F.<\/span> halten es immer noch mit dem Glauben, der liebe Gott habe dem Menschen den <strong>Verstand<\/strong> nicht als Luxus-Option mitgegeben, sondern als <strong>Verpflichtung:<\/strong> nicht jedem Bl\u00f6dsinn applaudieren, nicht jede Verschw\u00f6rungsfantasie ernst nehmen, nicht jeden Mist (z.B. Mobbing von KollegInnen) mitmachen; also, kurz gesagt: Verstand einschalten und selber denken, auch wenn es manchmal M\u00fche macht!<\/p>\n<p style=\"text-align: justify;\">Motto: Wenn schon tausend Fliegen ihren Verstand <em>nicht<\/em> einschalten und einfach den anderen folgen, denke ich trotzdem: Sch&#8230; schmeckt nicht &#8212; egal, wie viele darauf fliegen.<\/p>\n<p style=\"text-align: justify;\">Und falls Sie es immer noch nicht wissen: Was Sie im Netz von Suchmaschinen pr\u00e4sentiert, was Sie in sozialen Netzwerken und in News-Apps gezeigt bekommen, folgt keinen journalistischen Standards, ach wo! Die kostenlosen Dienste werden kommerziell betrieben, d.h. die Betreiber verdienen Geld damit. Wie? Indem sie jede Menge Daten \u00fcber Sie sammeln, Profile erstellen, und diese an zahlende Interessenten verkaufen, z.B. an Werbeagenturen, Konzerne, etc. Davon haben Sie schon einmal geh\u00f6rt? Gut.<\/p>\n<p style=\"text-align: justify;\">Haben Sie auch schon davon geh\u00f6rt, dass die oben erw\u00e4hnten Suchmaschinen etc. Ihnen durch speziell programmierte <em>Algorithmen<\/em> pers\u00f6nlich zugeschnittene Suchergebnisse und Meldungen zuspielen, weil sie Ihre Interessen und Vorlieben genau kennen? (Woher? Die protokollieren schlie\u00dflich genau, <em>was<\/em> Sie <em>wann<\/em> und <em>wie lange<\/em> im Internet gesucht, angeklickt, angeschaut haben&#8230;)<\/p>\n<p style=\"text-align: justify;\">Mehr noch: Weil Sensationen und Horror-Meldungen am meisten angeklickt werden, kommen diese auch bevorzugt in die Auswahl. Die Algorithmen zeigen Ihnen eine Welt, in der es fast nur Aufreger (und ein paar drollige Tierbilder) gibt. Warum? Weil sie an der Masse der Klicks verdienen, weil sie mehr Werbung unterbringen k\u00f6nnen, je l\u00e4nger Sie drin bleiben und der unterschwellig gekitzelten Sensationslust fr\u00f6nen.<\/p>\n<p style=\"text-align: justify;\">Sie doch nicht, neiiiin, Sie fallen auf sowas nicht herein! Das ist leicht behauptet. Aber geben Sie&#8217;s auf, Sie kommen gegen diese ausgefeilten Methoden nicht an! Auch Sie bekommen Ihre Echokammer, da hilft Ihnen nur begrenzt, dass Sie scharf aufpassen und kritische Distanz im Hinterkopf bereithalten.<\/p>\n<p style=\"text-align: justify;\">Apropos &#8222;kritische Distanz&#8220;: Die w\u00fcnsche ich Allen, die hierzulande so gern superkritisch gegen die Regierenden sind, aber dann unkritisch auf Fake und verzerrte Darstellungen in den <em>social media<\/em> hereinfallen &#8211; weil das oft so glaubhaft pr\u00e4sentiert wird (im Zweifel mit geschickt geschnittenen oder ganz gef\u00e4lschten Videos, oder es werden Jahre alte Schnipsel in aktuellen Kontext eingef\u00fcgt). Dazu ein neueres Beispiel: <a href=\"https:\/\/www.spiegel.de\/netzwelt\/netzpolitik\/doppelgaenger-prorussische-propagandakampagne-verlinkt-auf-gefaelschte-nachrichtenseiten-a-36461b4f-8fcf-40be-9bc8-5ea077843706\">\u00bbDoppelg\u00e4nger\u00ab: Prorussische Propagandakampagne verlinkt auf gef\u00e4lschte Nachrichtenseiten &#8211; DER SPIEGEL<\/a><\/p>\n<p style=\"text-align: justify;\">Der Knackpunkt ist: Wem vertrauen wir, wen halten wir f\u00fcr <em>glaubhaft?<\/em> Denn was wir nicht pers\u00f6nlich vor Ort \u00fcberpr\u00fcfen k\u00f6nnen, das m\u00fcssen wir glauben oder nicht glauben. Und wer glaubt, alles regierungskritische Geposte m\u00fcsse glaubhaft sein, weil er selbst ja der Regierung grunds\u00e4tzlich misstraut&#8230; Na, dann ab in die Echokammer der Verschw\u00f6runsgl\u00e4ubigen! Wladimir Putin und Xi Jin Ping freuen sich \u00fcber so viel Naivit\u00e4t in unserer Bev\u00f6lkerung, da f\u00e4llt das Manipulieren im Netz leicht. Und, wie Sie sich (hoffentlich) erinnern, hat 2016 Donald Trump mit dieser Masche (und Putins Unterst\u00fctzung) sogar eine Wahl gewonnen.<\/p>\n<p style=\"text-align: justify;\">Auf jeden Fall: <span style=\"color: #3366ff;\"><strong>Bleiben Sie kritisch.<\/strong><\/span> Das hei\u00dft vor Allem: genau hinschauen, \u00fcberlegen. Nicht husch-husch etwas anklicken und dabei unbemerkt auf zweifelhaften Seiten landen, wo jemand Ihnen einen vom Pferd erz\u00e4hlt, dabei Ihre Daten abfischt oder Sie abzuzocken versucht, oder Sie von der Weltsicht eines autorit\u00e4ren Machthabers &#8222;\u00fcberzeugen&#8220; will. Ja, das alles tummelt sich auch im Netz. Darum: Vergessen Sie nicht, dass Ihnen der Gro\u00dfe Geist auch ein St\u00fcck Verstand mitgegeben hat. Ich hoffe und w\u00fcnsche sehr, Sie k\u00f6nnen damit umgehen.<\/p>\n<p>S. R.<\/p>\n<p>P.S. Wo soll das alles hinf\u00fchren? Dazu ausf\u00fchrlicher <em>&gt;Blog \/ Zukunft &#8211; ein<\/em> <em>Auslaufmodell? <\/em>vom 18.02.2019<em><br \/>\n<\/em><\/p>\n<p>Und noch ein Hinweis f\u00fcr Menschen, die von der Informationsflut verwirrt sind und gar nicht mehr wissen, was sie glauben und f\u00fcr wahr halten sollen:<\/p>\n<p>Besonders in den Pfingsttagen 2023 und danach hat Putin die Ukraine mit t\u00e4glich oft hunderten Drohnen und Raketen angegriffen, insbesondere die Hauptstadt Kiew. Und dann wurde auch Moskau tats\u00e4chlich von ein paar Drohnen (fast h\u00e4tte ich verniedlichend gesagt: ein paar wenigen Dr\u00f6hnchen) getroffen. Das, so t\u00f6nte Putin, sei Terror von seiten der Ukraine. Vielen Dank f\u00fcr die Klarstellung! Die zahlreichen Angriffe auf ukrainische St\u00e4dte, auf Wohnviertel und die Energieversorgung, sind also weit schlimmer noch als &#8222;Terror&#8220;, nicht wahr, Herr Putin? Was f\u00fcr eine Bezeichnung haben Sie f\u00fcr Ihre eigenen, fortgesetzten Terrorangriffe gegen die Bev\u00f6lkerung der Ukraine?<\/p>\n<p>Also: Wer setzt hier die angemessenen Worte im Krieg der Deutung, der Propaganda? Jedenfalls werden die Worte &#8222;Terror&#8220; und &#8222;Terrorist&#8220; schon l\u00e4ngst von Machthabern inflation\u00e4r gebraucht. Der t\u00fcrkische Pr\u00e4sident z.B. nennt gern alle &#8222;Terroristen&#8220;, zumindest &#8222;Unterst\u00fctzer von Terroristen&#8220;, die ihn kritisieren. Das sagt also gar nichts, au\u00dfer: Wer so mit diesen Begriffen um sich wirft, muss gro\u00dfe Angst vor seinen Kritikern haben.<\/p>\n<p>War dieser Hinweis hilfreich? Ich hoffe, Sie verstehen zumindest eins: \u00d6ffentliche \u00c4u\u00dferungen von PolitikerInnen sind in der Regel interessengeleitet und selten neutrale Statements. Sie sollten also auf die eigentlichen Interessen der Leute schauen, die Sie h\u00f6ren, und fragen, wessen Interessen sie wirklich vertreten. Und finden Sie dazu vertrauensw\u00fcrdige Informationen&#8230; !<\/p>\n<p><em>Nachsatz im Dezember 2025:<\/em> Ja klar, die neuen M\u00f6glichkeiten der Manipulation durch KI (engl.: AI) machen es uns noch schwerer, <em>Fake<\/em> von echten Bildern und Videos zu unterscheiden. Da muss man im Zweifel seine &#8222;kleinen grauen Zellen&#8220; etwas mehr bem\u00fchen.<\/p>\n<p><span style=\"color: #ffffff;\">.<\/span><\/p>\n<h2 style=\"text-align: center;\"><span style=\"color: #99cc00;\"><span style=\"color: #ff6600;\"><a href=\"https:\/\/www.fu-frechen.de\/wp-content\/uploads\/2016\/10\/8b.png\"><img decoding=\"async\" loading=\"lazy\" class=\"aligncenter wp-image-3224\" src=\"https:\/\/www.fu-frechen.de\/wp-content\/uploads\/2016\/10\/8b-300x79.png\" alt=\"8b\" width=\"384\" height=\"101\" srcset=\"https:\/\/www.fu-frechen.de\/wp-content\/uploads\/2016\/10\/8b-300x79.png 300w, https:\/\/www.fu-frechen.de\/wp-content\/uploads\/2016\/10\/8b-768x203.png 768w, https:\/\/www.fu-frechen.de\/wp-content\/uploads\/2016\/10\/8b-1024x271.png 1024w, https:\/\/www.fu-frechen.de\/wp-content\/uploads\/2016\/10\/8b-624x165.png 624w\" sizes=\"(max-width: 384px) 100vw, 384px\" \/><\/a><\/span><\/span><\/h2>\n<p><span style=\"color: #ffffff;\">.<\/span><\/p>\n<h3 style=\"text-align: justify;\"><\/h3>\n<h2 style=\"text-align: center;\"><\/h2>\n","protected":false},"excerpt":{"rendered":"<p>HOMEPAGE FREIE UNIVERSIT\u00c4T FRECHEN ~~~ Club ~~~. \u00a0\u00a0\u00a0\u00a0\u00a0\u00a0\u00a0\u00a0\u00a0\u00a0\u00a0\u00a0\u00a0\u00a0\u00a0\u00a0\u00a0\u00a0\u00a0\u00a0\u00a0\u00a0\u00a0\u00a0\u00a0\u00a0\u00a0\u00a0\u00a0\u00a0\u00a0\u00a0\u00a0\u00a0\u00a0\u00a0\u00a0\u00a0\u00a0\u00a0\u00a0\u00a0\u00a0\u00a0\u00a0\u00a0\u00a0\u00a0\u00a0\u00a0\u00a0\u00a0\u00a0\u00a0\u00a0\u00a0\u00a0\u00a0\u00a0\u00a0\u00a0\u00a0 \u00a0 Alle seien gegr\u00fc\u00dft, die gegr\u00fc\u00dft werden m\u00f6chten, und herzlich willkommen diejenigen, die den eigenen Kopf zum Denken und die eigenen Sinne zur Wahrnehmung nutzen wollen! * . Wer nun schon betroffen aufjault und fragt: &#8222;Was?? Ich soll meinen Kopf zum Denken benutzen?!&#8220; der macht am besten [&hellip;]<\/p>\n","protected":false},"author":3,"featured_media":0,"parent":0,"menu_order":0,"comment_status":"closed","ping_status":"open","template":"","meta":[],"_links":{"self":[{"href":"https:\/\/www.fu-frechen.de\/index.php?rest_route=\/wp\/v2\/pages\/82"}],"collection":[{"href":"https:\/\/www.fu-frechen.de\/index.php?rest_route=\/wp\/v2\/pages"}],"about":[{"href":"https:\/\/www.fu-frechen.de\/index.php?rest_route=\/wp\/v2\/types\/page"}],"author":[{"embeddable":true,"href":"https:\/\/www.fu-frechen.de\/index.php?rest_route=\/wp\/v2\/users\/3"}],"replies":[{"embeddable":true,"href":"https:\/\/www.fu-frechen.de\/index.php?rest_route=%2Fwp%2Fv2%2Fcomments&post=82"}],"version-history":[{"count":408,"href":"https:\/\/www.fu-frechen.de\/index.php?rest_route=\/wp\/v2\/pages\/82\/revisions"}],"predecessor-version":[{"id":9700,"href":"https:\/\/www.fu-frechen.de\/index.php?rest_route=\/wp\/v2\/pages\/82\/revisions\/9700"}],"wp:attachment":[{"href":"https:\/\/www.fu-frechen.de\/index.php?rest_route=%2Fwp%2Fv2%2Fmedia&parent=82"}],"curies":[{"name":"wp","href":"https:\/\/api.w.org\/{rel}","templated":true}]}}