{"id":973,"date":"2013-12-03T17:57:34","date_gmt":"2013-12-03T16:57:34","guid":{"rendered":"http:\/\/www.fu-frechen.de\/?page_id=973"},"modified":"2026-04-23T20:27:38","modified_gmt":"2026-04-23T18:27:38","slug":"impr","status":"publish","type":"page","link":"https:\/\/www.fu-frechen.de\/?page_id=973","title":{"rendered":"Impressum"},"content":{"rendered":"<p style=\"text-align: center;\"><a href=\"https:\/\/www.fu-frechen.de\/wp-content\/uploads\/2014\/02\/3g.jpg\"><img decoding=\"async\" loading=\"lazy\" class=\" wp-image-1377 aligncenter\" src=\"https:\/\/www.fu-frechen.de\/wp-content\/uploads\/2014\/02\/3g-300x287.jpg\" alt=\"3g\" width=\"317\" height=\"304\" srcset=\"https:\/\/www.fu-frechen.de\/wp-content\/uploads\/2014\/02\/3g-300x287.jpg 300w, https:\/\/www.fu-frechen.de\/wp-content\/uploads\/2014\/02\/3g.jpg 606w\" sizes=\"(max-width: 317px) 100vw, 317px\" \/><\/a><span style=\"color: #ffffff;\">.<\/span><\/p>\n<h1 style=\"text-align: justify;\"><a href=\"https:\/\/www.fu-frechen.de\/wp-content\/uploads\/2014\/01\/1f.jpg\"><img decoding=\"async\" loading=\"lazy\" class=\"alignleft wp-image-1342 \" src=\"https:\/\/www.fu-frechen.de\/wp-content\/uploads\/2014\/01\/1f-300x202.jpg\" alt=\"1f\" width=\"333\" height=\"224\" srcset=\"https:\/\/www.fu-frechen.de\/wp-content\/uploads\/2014\/01\/1f-300x202.jpg 300w, https:\/\/www.fu-frechen.de\/wp-content\/uploads\/2014\/01\/1f-1024x691.jpg 1024w, https:\/\/www.fu-frechen.de\/wp-content\/uploads\/2014\/01\/1f-624x421.jpg 624w\" sizes=\"(max-width: 333px) 100vw, 333px\" \/><\/a><strong>Diese Website<\/strong><\/h1>\n<p style=\"text-align: justify;\">dient den Zielen und Absichten, die Forschung und\u00a0 Lehre der Freien Universit\u00e4t Frechen leiten. Dazu siehe mehr und Ausf\u00fchrliches auf der Unter-Seite &gt;<em>F.U.F. &#8211; der Club. <\/em>Die Website <em>fu-frechen.de<\/em> ist online seit 2013.<\/p>\n<p style=\"text-align: justify;\">Als <em>Spiritus Rector<\/em>, kommissarischer Leiter und Sprecher der Freien Universit\u00e4t Frechen sowie als verantwortlicher Gestalter von <span style=\"text-decoration: underline;\">www.fu-frechen.de<\/span> fungiert derzeit Wolfgang Reinert aus Frechen (K\u00fcrzel: W.R.). Die F.U.F. ist im Rheinland beheimatet, N\u00e4heres &gt;<em>F.U.F. &#8211; der Club<\/em>.<\/p>\n<p style=\"text-align: justify;\">Die Website <span style=\"text-decoration: underline;\">fu-frechen.de<\/span> umfasst derzeit zw\u00f6lf Unterseiten (siehe Leiste oben). Sie wird mindestens zweimal im Monat aktualisiert oder erweitert, sei es im <em>Blog <\/em>oder in einer der Unterseiten, wo immer wieder neue Beitr\u00e4ge eingestellt oder aktualisiert oder Erg\u00e4nzungen vorgenommen werden, so zuletzt im April 2026, u.a. im <em>Blog<\/em>.<\/p>\n<p style=\"text-align: justify;\"><strong><span style=\"color: #ff0000;\">Im Unterschied zu kommerziellen Angeboten<\/span> legt diese<\/strong> <em><span style=\"color: #008000;\"><strong>werbefreie Website<\/strong><\/span><\/em> <strong>keinen<\/strong> <strong>gesteigerten Wert auf h\u00f6chstm\u00f6gliche Klick-Zahlen.<\/strong> Sie verzichtet daher auch darauf, sich ein h\u00f6heres Ranking bei Suchmaschinen zu kaufen.<\/p>\n<p style=\"text-align: justify;\">BesucherInnen sollten selbst in der Lage sein zu erkennen, was ihnen ein Besuch \u2014 ohne Hektik \u2014 bringen kann (siehe auch &gt;<em>Blog<\/em>, &#8222;Sieben Jahre schon&#8220; vom April 2020). Die Cleveren haben sich nat\u00fcrlich ein Lesezeichen gesetzt, weil es unm\u00f6glich ist, bei nur einem Besuch den Umfang und die Vielfalt dieser Website zu erkennen, geschweige denn f\u00fcr sich zu nutzen. Wer geeignete (d.h. denkbereite und -f\u00e4hige) Menschen auf diese Website aufmerksam machen m\u00f6chte, kann das gern z.B. mit einem Link bzw. einer Empfehlung tun.<\/p>\n<p style=\"text-align: justify;\">Auf der Unterseite <strong>&gt;<em>Home<\/em><em>\/Start<\/em><\/strong> finden Sie einen \u00dcberblick \u00fcber die Inhalte der verschiedenen Unterseiten von <span style=\"text-decoration: underline;\">fu-frechen.de<\/span>, au\u00dferdem stehen dort die wichtigen und notwendigen\u00a0 <strong>Statements zum <span style=\"text-decoration: underline;\">Urheberrecht (Copyright)<\/span>* und zu den <span style=\"text-decoration: underline;\">Links (Disclaimer)<\/span><\/strong>. Dazu geh\u00f6rt der Hinweis, dass diese Website f\u00fcr das Training von KI (AI) <em>nicht<\/em> zur Verf\u00fcgung steht.<\/p>\n<div id=\"attachment_1873\" style=\"width: 235px\" class=\"wp-caption alignright\"><a href=\"https:\/\/www.fu-frechen.de\/wp-content\/uploads\/2014\/10\/24b+.jpg\"><img aria-describedby=\"caption-attachment-1873\" decoding=\"async\" loading=\"lazy\" class=\"wp-image-1873 size-medium\" src=\"https:\/\/www.fu-frechen.de\/wp-content\/uploads\/2014\/10\/24b+-225x300.jpg\" alt=\"24b+\" width=\"225\" height=\"300\" srcset=\"https:\/\/www.fu-frechen.de\/wp-content\/uploads\/2014\/10\/24b+-225x300.jpg 225w, https:\/\/www.fu-frechen.de\/wp-content\/uploads\/2014\/10\/24b+-768x1024.jpg 768w, https:\/\/www.fu-frechen.de\/wp-content\/uploads\/2014\/10\/24b+-624x832.jpg 624w\" sizes=\"(max-width: 225px) 100vw, 225px\" \/><\/a><p id=\"caption-attachment-1873\" class=\"wp-caption-text\">Der Spiritus Rector, Darstellung auf dem Bronze-Deckel einer Schatulle, in der die Gr\u00fcndungsurkunde der FUF aufbewahrt wurde (Nachzeichnung)***<\/p><\/div>\n<p style=\"text-align: justify;\">W. R. denkt, schreibt**, fotografiert, und zeichnet. Manche nennen ihn wegen seiner oft ausufernden Ideen einen Konzeptk\u00fcnstler, was vielleicht ein wenig zutrifft im Hinblick auf das Gesamtkonzept &#8222;Freie Universit\u00e4t Frechen&#8220;, das er seit der Gr\u00fcndung der F.U.F. im Jahre 1970 weiterentwickelt und ausgebaut hat (mehr &gt;<em>F.U.F. &#8211; der Club<\/em>).<\/p>\n<p style=\"text-align: justify;\">Die Website <span style=\"text-decoration: underline;\">fu-frechen.de<\/span> erreichte w\u00e4hrend der ersten zwei Jahre ihres Bestehens bereits einen inhaltlichen und quantitativen Umfang, der es rechtfertigte, sie in das <em>Lehrprogramm der Freien Universit\u00e4t Frechen<\/em> aufzunehmen. Dem selbstgestellten <span style=\"color: #0000ff;\"><strong>Bildungsauftrag<\/strong><\/span> der F.U.F. (mehr &gt;<em>F.U.F. &#8211; der Club<\/em>) kommt entgegen, dass diese Website im WWW \u00fcberall zur Verf\u00fcgung steht, dabei\u00a0 jedem interessierten Menschen <span style=\"color: #ff6600;\"><strong>kostenlos zug\u00e4nglich<\/strong><\/span> ist <span style=\"color: #000000;\">\u2014<\/span> und das auch noch <span style=\"color: #008000;\"><strong><em>werbefrei<\/em> <em>!<\/em><\/strong><\/span><\/p>\n<p style=\"text-align: justify;\">Eine gute Kenntnis der deutschen Sprache d\u00fcrfte f\u00fcr BesucherInnen von Vorteil sein. Weitere Sprachbarrieren sollen vermieden werden, so auch un\u00fcbersetzte fremdsprachige Zitate (Ausnahme: Unterseite <em>&#8222;This wooden O&#8220;, <\/em>dort sind auch Englisch-Kenntnisse von Nutzen). Wo gegendert wird, geschieht das nicht mit Sternchen, sondern mit dem Binnen-I (wie oben: BesucherInnen).<\/p>\n<p style=\"text-align: justify;\">Das lateinische Motto <em>Sol lucet omnibus<\/em> der F.U.F. bedeutet: &#8222;Die Sonne scheint allen.&#8220; Damit ist vorrangig erhellende Information und Erkenntnis gemeint, die alle Empf\u00e4nglichen erleuchten kann. Hier auf <span style=\"text-decoration: underline;\">fu-frechen.de<\/span> wird darum weder der Zugang durch sprachliches oder gedanklich hochfliegendes Geschwurbel erschwert, noch wird hier Desinformation betrieben (wie es dem Vernehmen nach in vielen Meldungen und Postings in den <em>social media<\/em> geschieht). Hier auf <em>fu-frechen.de<\/em> wird \u2014 statt desorientierendem Schwachsinn \u2014 eine Menge <em>food for thought<\/em> (Denkfutter) angeboten. Neulich meinte dazu jemand: Das geht in Richtung &#8222;entschleunigter Journalismus.&#8220;<\/p>\n<p>Dazu muss der SR im Februar des Jahres 2025 anmerken: Selbst meide ich die <em>social media<\/em> (z.B. Facebook, Instagram, TikTok, u.a.m.) aus Gr\u00fcnden, die ich schon vor langer Zeit auf der Startseite erl\u00e4utert habe. Ich lese und h\u00f6re aber immer h\u00e4ufiger, dass (besonders vor Wahlen) dort jede Menge Falschmeldungen und (mit wie ohne KI) gef\u00e4lschte Fotos und Videos herumgeistern. Mir das `reinzuziehen tue ich mir nicht an. Aber ich w\u00fcnsche und hoffe sehr, dass diejenigen Leute, die da herumwischen und -klicken, sich dar\u00fcber im Klaren sind, dass die Algorithmen ihnen zuvorderst die knalligsten und emp\u00f6rendsten Kurznachrichten pr\u00e4sentieren (ohne den Inhalt zu pr\u00fcfen). Das zielt darauf ab, dass Sie schnell und spontan konsumieren, sich erregen, Posts liken und teilen, ohne sich Zeit zum Nachdenken zu nehmen.<\/p>\n<p>Das ist das genaue Gegenteil dessen, was auf <em><span style=\"color: #0000ff;\">fu-frechen.de<\/span><\/em>, also hier, ins Netz gestellt wird. Denn hier gilt: Dein Kopf dient nicht nur zur Hutablage.<\/p>\n<p style=\"text-align: justify;\">Der SR w\u00fcnscht denjenigen BesucherInnen, die mit wachem Verstand und offenem Blick auf diese Website kommen, ein von Hektik ungetr\u00fcbtes Vergn\u00fcgen. Und wenn es jemand wissen will: Ja, diese Website ist garantiert laktose-, gluten- und coronafrei, genau wie das klare Mineralwasser, das im Glas neben dem Notebook des Verfassers steht und sacht vor sich hinperlt&#8230;<\/p>\n<p style=\"text-align: center;\">\u00a0 \u2013 der Spiritus Rector (SR) \u2013<\/p>\n<p style=\"text-align: center;\"><span style=\"color: #ffffff;\">.<\/span><\/p>\n<p style=\"text-align: center;\"><a href=\"https:\/\/www.fu-frechen.de\/wp-content\/uploads\/2013\/12\/2d+sw-Banderole-Sol...1.jpg\"><img decoding=\"async\" loading=\"lazy\" class=\" wp-image-1621 aligncenter\" src=\"https:\/\/www.fu-frechen.de\/wp-content\/uploads\/2013\/12\/2d+sw-Banderole-Sol...1-300x177.jpg\" alt=\"2d+sw-Banderole Sol...\" width=\"131\" height=\"78\" srcset=\"https:\/\/www.fu-frechen.de\/wp-content\/uploads\/2013\/12\/2d+sw-Banderole-Sol...1-300x177.jpg 300w, https:\/\/www.fu-frechen.de\/wp-content\/uploads\/2013\/12\/2d+sw-Banderole-Sol...1.jpg 398w\" sizes=\"(max-width: 131px) 100vw, 131px\" \/><\/a><span style=\"color: #ffffff;\">.<\/span><\/p>\n<div id=\"attachment_3450\" style=\"width: 171px\" class=\"wp-caption alignleft\"><a href=\"https:\/\/www.fu-frechen.de\/wp-content\/uploads\/2017\/01\/1994-10-HD.jpg\"><img aria-describedby=\"caption-attachment-3450\" decoding=\"async\" loading=\"lazy\" class=\"wp-image-3450\" src=\"https:\/\/www.fu-frechen.de\/wp-content\/uploads\/2017\/01\/1994-10-HD-300x257.jpg\" alt=\"1994-10 HD\" width=\"161\" height=\"138\" srcset=\"https:\/\/www.fu-frechen.de\/wp-content\/uploads\/2017\/01\/1994-10-HD-300x257.jpg 300w, https:\/\/www.fu-frechen.de\/wp-content\/uploads\/2017\/01\/1994-10-HD-768x659.jpg 768w, https:\/\/www.fu-frechen.de\/wp-content\/uploads\/2017\/01\/1994-10-HD-1024x879.jpg 1024w, https:\/\/www.fu-frechen.de\/wp-content\/uploads\/2017\/01\/1994-10-HD-624x535.jpg 624w\" sizes=\"(max-width: 161px) 100vw, 161px\" \/><\/a><p id=\"caption-attachment-3450\" class=\"wp-caption-text\">W. R. zeichnend am Heidel-berger Schloss, Okt. 1994;\u00a0\u00a0\u00a0\u00a0 \u00a0 \u00a0 Foto: G. Reinert<\/p><\/div>\n<p style=\"text-align: left;\">* Obwohl jedem publizierenden Menschen klar sein m\u00fcsste, dass in Ver\u00f6ffentlichungen (gedruckt wie online) die \u00dcbernahme fremder Bilder oder Texte eine Quellenangabe oder ggf. einen Bildnachweis erfordert (und zudem die Erlaubnis des Urhebers), kommt es immer wieder einmal zu nonchalanten oder gar bewusst ignoranten \u00dcbernahmen. AutorInnen und FotografInnen kennen das Problem; sie sehen in Ausnahmef\u00e4llen auch einmal gro\u00dfz\u00fcgig \u00fcber solche Urheberrechtsverletzungen hinweg \u2014 etwa dann, wenn ein sozialer oder wohlt\u00e4tiger Zweck durch Pochen auf gesetzliche Rechte unverh\u00e4ltnism\u00e4\u00dfig belastet oder behindert w\u00fcrde. \u00c4rgerlich wird es aber dann, wenn eine Quellenangabe nicht nur unterbleibt, sondern die \u00dcbernahme auch noch als eigenes Werk ausgegeben wird. Das findet kein\/e Urheber\/in witzig oder verzeihlich. Und in meinen Augen hei\u00dft sich mit fremden Federn zu schm\u00fccken, dass der falsche Urheber es sich nicht zutraut, etwas Eigenes vorzuzeigen, aber auf (unverdiente) Lorbeeren nicht verzichten m\u00f6chte. M\u00f6glicherweise wird ein solcher \u00dcbergriff sogar rechtlich verfolgt von spezialisierten Anw\u00e4lten, die im Netz nach Verletzungen des Urheberrechts fahnden und finanzielle Forderungen stellen.<\/p>\n<p>Ein evtl. gew\u00fcnschter <span style=\"color: #ff0000;\"><strong>Kontakt<\/strong><\/span> \u2014 ggf. auch zur Einholung einer \u00dcbernahme-Erlaubnis \u2014 kann per Email an\u00a0 <strong>wolfgang@reinert-frechen.de<\/strong>\u00a0 hergestellt werden.<\/p>\n<p>Der SR hat nichts dagegen, wenn sich Sch\u00fclerInnen oder Studierende auf dieser Website umschauen und sich Anregungen und Stoff z.B. f\u00fcr ein Referat holen. Sie werden im Unterricht gelernt haben, dass und wie man seine Quellen nennt, Zitate kenntlich macht, und nicht vorgibt, woanders Entlehntes sei auf eigenem Mist gewachsen.<\/p>\n<p style=\"text-align: left;\">** An manchen Stellen auf dieser Website wird auf das Buch DIE BEATUS-CHRONIK verwiesen, statt ausf\u00fchrlich daraus zu zitieren. Wer es noch nicht besitzt und es anschaffen m\u00f6chte, beachte die Angaben auf der Unterseite &gt;<em>Frekena\/<\/em> Die Beatus-Chronik. Ebenso wird gelegentlich auch auf das B\u00fcchlein FRECHENER GESCHICHTE von W. R. verwiesen (mehr &gt;<em>Frekena<\/em>).<\/p>\n<p>*** Der antike Bronzedeckel wurde im 20. Jahrhundert in Details nachgraviert. Das Objekt ist seit einem Einbruchsdiebstahl im Oktober 1977 verschollen, uns liegt nur die oben abgebildete Nachzeichnung vor.<\/p>\n<p><span style=\"color: #ffffff;\">.<\/span><\/p>\n<h2 style=\"text-align: center;\">\u00a0<strong><em>Technischer Hinweis:<\/em><\/strong><\/h2>\n<p>Die Verweise im Text auf Bilder und andere Beitr\u00e4ge sind nicht auf einen schmalen Handy-Bildschirm bezogen, sondern auf den breiten Computer-Screen. Wer diese Website auf seinem Handy aufruft, findet daher Ver\u00e4nderungen im Layout vor; so ist die Spalte rechts mit Blog-Beitr\u00e4gen und dem Blog-Archiv auf dem Handy-Bildschirm ganz unten unter dem Text zu finden und nicht rechts daneben. &#8212;<\/p>\n<p style=\"text-align: center;\"><a href=\"https:\/\/www.fu-frechen.de\/wp-content\/uploads\/2013\/06\/13g+.jpg\"><img decoding=\"async\" loading=\"lazy\" class=\"aligncenter  wp-image-256\" src=\"https:\/\/www.fu-frechen.de\/wp-content\/uploads\/2013\/06\/13g+-300x219.jpg\" alt=\"\" width=\"101\" height=\"74\" srcset=\"https:\/\/www.fu-frechen.de\/wp-content\/uploads\/2013\/06\/13g+-300x219.jpg 300w, https:\/\/www.fu-frechen.de\/wp-content\/uploads\/2013\/06\/13g+-624x457.jpg 624w, https:\/\/www.fu-frechen.de\/wp-content\/uploads\/2013\/06\/13g+.jpg 864w\" sizes=\"(max-width: 101px) 100vw, 101px\" \/><\/a><\/p>\n<p><span style=\"color: #ffffff;\">.<\/span><\/p>\n<h2 style=\"text-align: center;\"><span style=\"color: #008000;\"><em>&#8212; <span style=\"color: #ff0000;\">www.fu-frechen.de &#8212;<\/span><\/em><\/span><\/h2>\n<h2 style=\"text-align: center;\"><span style=\"color: #008000;\"><em><span style=\"color: #ff0000;\">\u00a0&#8212; eine der <span style=\"color: #008000;\">meistvertrauten<\/span> Websites des Rheinlandes &#8212; <\/span>\u00a0<\/em><\/span><\/h2>\n<p style=\"text-align: center;\"><span style=\"color: #ffffff;\"><em>.<\/em><\/span><\/p>\n<h3 style=\"text-align: center;\"><strong><a href=\"https:\/\/www.fu-frechen.de\/wp-content\/uploads\/2016\/10\/8b.png\"><img decoding=\"async\" loading=\"lazy\" class=\"aligncenter wp-image-3224\" src=\"https:\/\/www.fu-frechen.de\/wp-content\/uploads\/2016\/10\/8b-300x79.png\" alt=\"8b\" width=\"362\" height=\"95\" srcset=\"https:\/\/www.fu-frechen.de\/wp-content\/uploads\/2016\/10\/8b-300x79.png 300w, https:\/\/www.fu-frechen.de\/wp-content\/uploads\/2016\/10\/8b-768x203.png 768w, https:\/\/www.fu-frechen.de\/wp-content\/uploads\/2016\/10\/8b-1024x271.png 1024w, https:\/\/www.fu-frechen.de\/wp-content\/uploads\/2016\/10\/8b-624x165.png 624w\" sizes=\"(max-width: 362px) 100vw, 362px\" \/><\/a><\/strong><\/h3>\n<p style=\"text-align: center;\"><span style=\"color: #ffffff;\">.<\/span><\/p>\n<p><span style=\"color: #3366ff;\">\u00a0<\/span><\/p>\n\n\n<p><\/p>\n","protected":false},"excerpt":{"rendered":"<p>. Diese Website dient den Zielen und Absichten, die Forschung und\u00a0 Lehre der Freien Universit\u00e4t Frechen leiten. Dazu siehe mehr und Ausf\u00fchrliches auf der Unter-Seite &gt;F.U.F. &#8211; der Club. Die Website fu-frechen.de ist online seit 2013. Als Spiritus Rector, kommissarischer Leiter und Sprecher der Freien Universit\u00e4t Frechen sowie als verantwortlicher Gestalter von www.fu-frechen.de fungiert derzeit [&hellip;]<\/p>\n","protected":false},"author":3,"featured_media":0,"parent":0,"menu_order":16,"comment_status":"closed","ping_status":"open","template":"","meta":[],"_links":{"self":[{"href":"https:\/\/www.fu-frechen.de\/index.php?rest_route=\/wp\/v2\/pages\/973"}],"collection":[{"href":"https:\/\/www.fu-frechen.de\/index.php?rest_route=\/wp\/v2\/pages"}],"about":[{"href":"https:\/\/www.fu-frechen.de\/index.php?rest_route=\/wp\/v2\/types\/page"}],"author":[{"embeddable":true,"href":"https:\/\/www.fu-frechen.de\/index.php?rest_route=\/wp\/v2\/users\/3"}],"replies":[{"embeddable":true,"href":"https:\/\/www.fu-frechen.de\/index.php?rest_route=%2Fwp%2Fv2%2Fcomments&post=973"}],"version-history":[{"count":542,"href":"https:\/\/www.fu-frechen.de\/index.php?rest_route=\/wp\/v2\/pages\/973\/revisions"}],"predecessor-version":[{"id":9881,"href":"https:\/\/www.fu-frechen.de\/index.php?rest_route=\/wp\/v2\/pages\/973\/revisions\/9881"}],"wp:attachment":[{"href":"https:\/\/www.fu-frechen.de\/index.php?rest_route=%2Fwp%2Fv2%2Fmedia&parent=973"}],"curies":[{"name":"wp","href":"https:\/\/api.w.org\/{rel}","templated":true}]}}